{"id":2686,"date":"2021-09-07T11:56:39","date_gmt":"2021-09-07T09:56:39","guid":{"rendered":"https:\/\/www.cifalmalaga.org\/?page_id=2686"},"modified":"2022-12-08T21:37:26","modified_gmt":"2022-12-08T20:37:26","slug":"avances-rad2citizen","status":"publish","type":"page","link":"https:\/\/cifalmalaga.org\/en\/avances-rad2citizen\/","title":{"rendered":"RESULTADOS RAD2CITIZEN"},"content":{"rendered":"<h2>Identification Radicalisation for Manual<br \/>\nIndicators<\/h2>\n<p><img decoding=\"async\" class=\"wp-image-3250 alignright\" src=\"https:\/\/cifalmalaga.org\/wp-content\/uploads\/2022\/12\/manual.rad_.eng_.png\" alt=\"\" width=\"227\" height=\"316\" srcset=\"https:\/\/cifalmalaga.org\/wp-content\/uploads\/2022\/12\/manual.rad_.eng_-9x12.png 9w, https:\/\/cifalmalaga.org\/wp-content\/uploads\/2022\/12\/manual.rad_.eng_-200x278.png 200w, https:\/\/cifalmalaga.org\/wp-content\/uploads\/2022\/12\/manual.rad_.eng_-216x300.png 216w, https:\/\/cifalmalaga.org\/wp-content\/uploads\/2022\/12\/manual.rad_.eng_-400x555.png 400w, https:\/\/cifalmalaga.org\/wp-content\/uploads\/2022\/12\/manual.rad_.eng_.png 422w\" sizes=\"(max-width: 227px) 100vw, 227px\" \/>In this manual, frontline practitioners and stakeholder will not find lists of visible indicators. These can be found in many other publications. We rather wanted to focus on contextualised indicators that will better help practitioners to grasp diverse realities. In other words, we consider that practitioners already raise their own concerns and we try to support them qualifying the phenomena they deal with.<\/p>\n<p>In this manual, frontline practitioners and stakeholder will find:<br \/>\n* 3 sets of definitions to understand radical violence in context and what it means to prevent it.<br \/>\n* Methodological elements that will help them analyse their lived experiences and particular situations.<br \/>\n* Advices and resources to orient their actions toward prevention and social cohesion.<\/p>\n<h2>Manual de indicadores de identificaci\u00f3n de radicalizaci\u00f3n<\/h2>\n<p><img decoding=\"async\" class=\"wp-image-3249 alignleft\" src=\"https:\/\/cifalmalaga.org\/wp-content\/uploads\/2022\/12\/manual.rad_.esp_.png\" alt=\"\" width=\"220\" height=\"311\" srcset=\"https:\/\/cifalmalaga.org\/wp-content\/uploads\/2022\/12\/manual.rad_.esp_-9x12.png 9w, https:\/\/cifalmalaga.org\/wp-content\/uploads\/2022\/12\/manual.rad_.esp_-200x282.png 200w, https:\/\/cifalmalaga.org\/wp-content\/uploads\/2022\/12\/manual.rad_.esp_-213x300.png 213w, https:\/\/cifalmalaga.org\/wp-content\/uploads\/2022\/12\/manual.rad_.esp_-400x565.png 400w, https:\/\/cifalmalaga.org\/wp-content\/uploads\/2022\/12\/manual.rad_.esp_.png 418w\" sizes=\"(max-width: 220px) 100vw, 220px\" \/>En este manual, l\u00edderes locales y profesionales de primera l\u00ednea no encontrar\u00e1n listas de indicadores visibles, estas se pueden encontrar en muchas otras publicaciones, preferimos centrarnos en los indicadores contextualizados que facilitar\u00e1n la comprensi\u00f3n de realidades diversas, en otras palabras, consideramos que los agentes ya plantean sus propias inquietudes y procuramos apoyarles con la calificaci\u00f3n del fen\u00f3meno al que hacen frente.<br \/>\nEn este manual, las partes interesadas y los profesionales de primera l\u00ednea encontrar\u00e1n:<br \/>\n* 3 series de definiciones con las que entender la violencia radical en contexto, as\u00ed como lo que significa prevenirla.<br \/>\n* Elementos metodol\u00f3gicos que les ayuden a analizar sus experiencias vitales y situaciones particulares.<br \/>\n* Recomendaciones y recursos para orientar sus acciones hacia la prevenci\u00f3n y cohesi\u00f3n social.<\/p>\n<h2>Action and Training Plan to coordinate management of migratory flows and associated identity-based conflicts<\/h2>\n<p><img decoding=\"async\" class=\"wp-image-3145 alignleft\" src=\"https:\/\/cifalmalaga.org\/wp-content\/uploads\/2022\/09\/extemism.png\" alt=\"\" width=\"433\" height=\"464\" srcset=\"https:\/\/cifalmalaga.org\/wp-content\/uploads\/2022\/09\/extemism-11x12.png 11w, https:\/\/cifalmalaga.org\/wp-content\/uploads\/2022\/09\/extemism-200x214.png 200w, https:\/\/cifalmalaga.org\/wp-content\/uploads\/2022\/09\/extemism-280x300.png 280w, https:\/\/cifalmalaga.org\/wp-content\/uploads\/2022\/09\/extemism-400x428.png 400w, https:\/\/cifalmalaga.org\/wp-content\/uploads\/2022\/09\/extemism-600x643.png 600w, https:\/\/cifalmalaga.org\/wp-content\/uploads\/2022\/09\/extemism.png 761w\" sizes=\"(max-width: 433px) 100vw, 433px\" \/>Within the project CIFAL Malaga in coordination with City Council of Malaga has created Action and Training Plan to coordinate management of migratory flows and associated identity-based conflicts.<\/p>\n<p>This Plan relates to the management of conflict resolution and support for identity construction for the target public in migratory situations. Potential identity-based conflicts and a failure to take these into consideration are a cause of frustration and misunderstanding that fosters radicalisation and violence. They therefore constitute a threat to social unity. The aim of this Plan is to help to establish a balance between the original cultural identities of migrants and a feeling of belonging to their community of settlement. This balance is based on acceptance of the fundamental values and institutions of the new host community.<\/p>\n<p>The achievement of the strategic goals is articulated through a set of axes.<\/p>\n<p>AXIS 1: Guarantee legal-administrative assistance to the Foreign Population to enable their full integration in M\u00e1laga.<br \/>\nAXIS 2: Prevention and Intervention.<br \/>\nAXIS 3: Awareness and Training.<br \/>\nAXIS 4: Management of Conviviality, Religious, Diversity and Multiculturalism.<\/p>\n<p>Detailed plan can be seen <a href=\"https:\/\/cifalmalaga.org\/wp-content\/uploads\/2022\/09\/D5.2.-Prevention-Plan.pdf\">HERE<\/a>.<\/p>\n<h2>Plan de Acci\u00f3n y Formaci\u00f3n para coordinar la gesti\u00f3n de flujos migratorios y conflictos de identidad asociados<\/h2>\n<p><img decoding=\"async\" class=\"wp-image-3145 alignright\" src=\"https:\/\/cifalmalaga.org\/wp-content\/uploads\/2022\/09\/extemism.png\" alt=\"\" width=\"452\" height=\"484\" srcset=\"https:\/\/cifalmalaga.org\/wp-content\/uploads\/2022\/09\/extemism-11x12.png 11w, https:\/\/cifalmalaga.org\/wp-content\/uploads\/2022\/09\/extemism-200x214.png 200w, https:\/\/cifalmalaga.org\/wp-content\/uploads\/2022\/09\/extemism-280x300.png 280w, https:\/\/cifalmalaga.org\/wp-content\/uploads\/2022\/09\/extemism-400x428.png 400w, https:\/\/cifalmalaga.org\/wp-content\/uploads\/2022\/09\/extemism-600x643.png 600w, https:\/\/cifalmalaga.org\/wp-content\/uploads\/2022\/09\/extemism.png 761w\" sizes=\"(max-width: 452px) 100vw, 452px\" \/>Dentro del proyecto CIFAL M\u00e1laga en coordinaci\u00f3n con el Ayuntamiento de M\u00e1laga se ha creado un Plan de Acci\u00f3n y Formaci\u00f3n para coordinar la gesti\u00f3n de los flujos migratorios y los conflictos de identidad asociados.<\/p>\n<p>Este Plan se relaciona con la gesti\u00f3n de resoluci\u00f3n de conflictos y el apoyo a la construcci\u00f3n de identidad del p\u00fablico objetivo en situaciones migratorias. Los posibles conflictos de identidad y la falta de consideraci\u00f3n de los mismos son causa de frustraci\u00f3n y malentendidos que fomentan la radicalizaci\u00f3n y la violencia. Por tanto, constituyen una amenaza a la unidad social. El objetivo de este Plan es ayudar a establecer un equilibrio entre las identidades culturales originales de los migrantes y el sentimiento de pertenencia a su comunidad de asentamiento. Este equilibrio se basa en la aceptaci\u00f3n de los valores e instituciones fundamentales de la nueva comunidad de acogida.<\/p>\n<p>El logro de los objetivos estrat\u00e9gicos se articula a trav\u00e9s de un conjunto de ejes.<\/p>\n<p>EJE 1: Garantizar la asistencia jur\u00eddico-administrativa a la Poblaci\u00f3n Extranjera para posibilitar su plena integraci\u00f3n en M\u00e1laga.<br \/>\nEJE 2: Prevenci\u00f3n e Intervenci\u00f3n.<br \/>\nEJE 3: Sensibilizaci\u00f3n y Formaci\u00f3n.<br \/>\nEJE 4: Gesti\u00f3n de la Convivencia, Religiosidad, Diversidad y Multiculturalidad.<\/p>\n<p>El plan detallado se puede ver <a href=\"https:\/\/cifalmalaga.org\/wp-content\/uploads\/2022\/09\/D5.2.-Prevention-Plan.pdf\">AQU\u00cd.<\/a><\/p>\n<h2>Database on European and international practices on prevention of radicalization<\/h2>\n<p><img decoding=\"async\" class=\"wp-image-3139 alignleft\" src=\"https:\/\/cifalmalaga.org\/wp-content\/uploads\/2022\/09\/IMG-20220901-WA0031.jpg\" alt=\"\" width=\"431\" height=\"223\" srcset=\"https:\/\/cifalmalaga.org\/wp-content\/uploads\/2022\/09\/IMG-20220901-WA0031-16x8.jpg 16w, https:\/\/cifalmalaga.org\/wp-content\/uploads\/2022\/09\/IMG-20220901-WA0031-18x9.jpg 18w, https:\/\/cifalmalaga.org\/wp-content\/uploads\/2022\/09\/IMG-20220901-WA0031-200x104.jpg 200w, https:\/\/cifalmalaga.org\/wp-content\/uploads\/2022\/09\/IMG-20220901-WA0031-300x155.jpg 300w, https:\/\/cifalmalaga.org\/wp-content\/uploads\/2022\/09\/IMG-20220901-WA0031-400x207.jpg 400w, https:\/\/cifalmalaga.org\/wp-content\/uploads\/2022\/09\/IMG-20220901-WA0031-600x311.jpg 600w, https:\/\/cifalmalaga.org\/wp-content\/uploads\/2022\/09\/IMG-20220901-WA0031-768x398.jpg 768w, https:\/\/cifalmalaga.org\/wp-content\/uploads\/2022\/09\/IMG-20220901-WA0031-800x414.jpg 800w, https:\/\/cifalmalaga.org\/wp-content\/uploads\/2022\/09\/IMG-20220901-WA0031-1024x530.jpg 1024w, https:\/\/cifalmalaga.org\/wp-content\/uploads\/2022\/09\/IMG-20220901-WA0031.jpg 1136w\" sizes=\"(max-width: 431px) 100vw, 431px\" \/>Within Rad2Citizen project, CIFAL Malaga worked together with subcontractor to create a database of the European practices on prevention of radicalization. The database is based on two lines of investigation:<\/p>\n<p>First focus line includes understanding and analyses of the Consortium partners previous experiences and results on similar projects, actions, and initiatives.<\/p>\n<p>Second line includes broader approach, with the benchmark, which analyses practices in Europe and internationally. The database includes the list of practices, policies, actions in prevention of radicalization. It aims to help the first line practitioners, families in crisis and public in general to access the services on prevention of radicalization available in their countries. The sources used are open sources, but also from scientific databases, specialized publications.<\/p>\n<p>You can find pdf version of the benchmark study <a href=\"https:\/\/cifalmalaga.org\/wp-content\/uploads\/2022\/08\/D5_1Report-on-European-content-practices-and-experiences_vFinal.pdf\">HERE<\/a>.<\/p>\n<p>Digital, regularly updated version of the database is available <a href=\"https:\/\/rad2citizen.eu\/\">HERE.\u00a0<\/a><\/p>\n<h2>Base de datos sobre pr\u00e1cticas europeas e internacionales de prevenci\u00f3n de la radicalizaci\u00f3n<\/h2>\n<p><img decoding=\"async\" class=\"wp-image-3139 alignright\" src=\"https:\/\/cifalmalaga.org\/wp-content\/uploads\/2022\/09\/IMG-20220901-WA0031.jpg\" alt=\"\" width=\"431\" height=\"223\" srcset=\"https:\/\/cifalmalaga.org\/wp-content\/uploads\/2022\/09\/IMG-20220901-WA0031-16x8.jpg 16w, https:\/\/cifalmalaga.org\/wp-content\/uploads\/2022\/09\/IMG-20220901-WA0031-18x9.jpg 18w, https:\/\/cifalmalaga.org\/wp-content\/uploads\/2022\/09\/IMG-20220901-WA0031-200x104.jpg 200w, https:\/\/cifalmalaga.org\/wp-content\/uploads\/2022\/09\/IMG-20220901-WA0031-300x155.jpg 300w, https:\/\/cifalmalaga.org\/wp-content\/uploads\/2022\/09\/IMG-20220901-WA0031-400x207.jpg 400w, https:\/\/cifalmalaga.org\/wp-content\/uploads\/2022\/09\/IMG-20220901-WA0031-600x311.jpg 600w, https:\/\/cifalmalaga.org\/wp-content\/uploads\/2022\/09\/IMG-20220901-WA0031-768x398.jpg 768w, https:\/\/cifalmalaga.org\/wp-content\/uploads\/2022\/09\/IMG-20220901-WA0031-800x414.jpg 800w, https:\/\/cifalmalaga.org\/wp-content\/uploads\/2022\/09\/IMG-20220901-WA0031-1024x530.jpg 1024w, https:\/\/cifalmalaga.org\/wp-content\/uploads\/2022\/09\/IMG-20220901-WA0031.jpg 1136w\" sizes=\"(max-width: 431px) 100vw, 431px\" \/>Dentro del\u00a0proyecto Rad2Citizen, CIFAL M\u00e1laga trabaj\u00f3 junto con un subcontratista para crear una base de datos de las pr\u00e1cticas europeas sobre prevenci\u00f3n de la radicalizaci\u00f3n. La base de datos se basa en dos l\u00edneas de investigaci\u00f3n:<\/p>\n<p>La primera l\u00ednea de enfoque incluye la comprensi\u00f3n y\u00a0el an\u00e1lisis de las experiencias previas y los resultados de los socios del Consorcio en proyectos, acciones e iniciativas similares.<\/p>\n<p>La segunda l\u00ednea incluye un enfoque m\u00e1s amplio, con el punto de referencia, que analiza las pr\u00e1cticas en Europa e internacionalmente. La base de datos incluye la lista de pr\u00e1cticas, pol\u00edticas, acciones en el \u00e1rea de prevenci\u00f3n de la radicalizaci\u00f3n. Su objetivo es ayudar a los profesionales de primera l\u00ednea, las familias en crisis y el p\u00fablico en general a acceder a los servicios de prevenci\u00f3n de la radicalizaci\u00f3n disponibles en sus pa\u00edses. Las fuentes utilizadas son fuentes abiertas, pero tambi\u00e9n de bases de datos cient\u00edficas, publicaciones especializadas.<\/p>\n<p>Puede encontrar la versi\u00f3n en PDF del estudio de referencia <a href=\"https:\/\/cifalmalaga.org\/wp-content\/uploads\/2022\/08\/D5_1Report-on-European-content-practices-and-experiences_vFinal.pdf\">AQU\u00cd.\u00a0<\/a><\/p>\n<p>La versi\u00f3n digital actualizada regularmente de la base de datos est\u00e1 disponible <a href=\"https:\/\/rad2citizen.eu\/\">AQU\u00cd<\/a><\/p>\n<h2>Newsletter No.3 Rad2Citizen<\/h2>\n<p><img decoding=\"async\" class=\"wp-image-3072 alignleft\" src=\"https:\/\/cifalmalaga.org\/wp-content\/uploads\/2022\/06\/nw3.png\" alt=\"\" width=\"441\" height=\"293\" srcset=\"https:\/\/cifalmalaga.org\/wp-content\/uploads\/2022\/06\/nw3-18x12.png 18w, https:\/\/cifalmalaga.org\/wp-content\/uploads\/2022\/06\/nw3-200x133.png 200w, https:\/\/cifalmalaga.org\/wp-content\/uploads\/2022\/06\/nw3-300x200.png 300w, https:\/\/cifalmalaga.org\/wp-content\/uploads\/2022\/06\/nw3-400x266.png 400w, https:\/\/cifalmalaga.org\/wp-content\/uploads\/2022\/06\/nw3-600x399.png 600w, https:\/\/cifalmalaga.org\/wp-content\/uploads\/2022\/06\/nw3.png 708w\" sizes=\"(max-width: 441px) 100vw, 441px\" \/><\/p>\n<p>&nbsp;<\/p>\n<p>&nbsp;<\/p>\n<p>&nbsp;<\/p>\n<p>&nbsp;<\/p>\n<p>Ahora puede consultar todos los avances del proyecto Rad2Citizen a junio de 2022 desde la<br \/>\nNewsletter No. 3. Descargar <a href=\"https:\/\/cifalmalaga.org\/wp-content\/uploads\/2022\/06\/Rad2Citizen_Newsletter_EN_N3_VF.pdf\">Aqu\u00ed.\u00a0<\/a><\/p>\n<h2><\/h2>\n<p>&nbsp;<\/p>\n<p>&nbsp;<\/p>\n<h2>Preventing and countering violent radicalization<\/h2>\n<p><img decoding=\"async\" class=\"wp-image-3068 alignleft\" src=\"https:\/\/cifalmalaga.org\/wp-content\/uploads\/2022\/06\/prevencion-radicalizacion-ing.jpg\" alt=\"\" width=\"392\" height=\"278\" srcset=\"https:\/\/cifalmalaga.org\/wp-content\/uploads\/2022\/06\/prevencion-radicalizacion-ing-18x12.jpg 18w, https:\/\/cifalmalaga.org\/wp-content\/uploads\/2022\/06\/prevencion-radicalizacion-ing-200x142.jpg 200w, https:\/\/cifalmalaga.org\/wp-content\/uploads\/2022\/06\/prevencion-radicalizacion-ing-300x214.jpg 300w, https:\/\/cifalmalaga.org\/wp-content\/uploads\/2022\/06\/prevencion-radicalizacion-ing-400x283.jpg 400w, https:\/\/cifalmalaga.org\/wp-content\/uploads\/2022\/06\/prevencion-radicalizacion-ing-600x425.jpg 600w, https:\/\/cifalmalaga.org\/wp-content\/uploads\/2022\/06\/prevencion-radicalizacion-ing-768x544.jpg 768w, https:\/\/cifalmalaga.org\/wp-content\/uploads\/2022\/06\/prevencion-radicalizacion-ing-800x567.jpg 800w, https:\/\/cifalmalaga.org\/wp-content\/uploads\/2022\/06\/prevencion-radicalizacion-ing.jpg 961w\" sizes=\"(max-width: 392px) 100vw, 392px\" \/>A guide for first-line practitioners that we are presenting here is endorsed by the University of Cordoba. It is a tool sustained by scientific evidence that includes both theoretical and practical content and is designed to tackle the complexities of violent radicalization from a global and interdisciplinary viewpoint. In this way, it provides psychosocial and educational resources, as well as specific interventions to prevent and tackle violent radicalization. The guide also emphasizes the need to act upon this phenomenon in a comprehensive and integrated way.<\/p>\n<p>This resource will be part of the Diversidad series, which is coordinated by the Diversity Service at the University of Cordoba. This series aims to enhance our understanding of human diversity. It also provides relevant guidelines for the articulation of an inclusive education that will respect and value differences, remarking their role in enriching human interaction and fostering progress and social welfare.<br \/>\n<a href=\"https:\/\/cifalmalaga.org\/wp-content\/uploads\/2022\/06\/Guide_RAD_english.pdf\">Download the guide in PDF<\/a><\/p>\n<h2>Prevenci\u00f3n y afrontamiento de la radicalizaci\u00f3n violenta<\/h2>\n<h2><img decoding=\"async\" class=\"wp-image-3063 alignleft\" src=\"https:\/\/cifalmalaga.org\/wp-content\/uploads\/2022\/06\/Prevencion-radicalizacion-esp.jpg\" alt=\"\" width=\"392\" height=\"278\" srcset=\"https:\/\/cifalmalaga.org\/wp-content\/uploads\/2022\/06\/Prevencion-radicalizacion-esp-18x12.jpg 18w, https:\/\/cifalmalaga.org\/wp-content\/uploads\/2022\/06\/Prevencion-radicalizacion-esp-200x142.jpg 200w, https:\/\/cifalmalaga.org\/wp-content\/uploads\/2022\/06\/Prevencion-radicalizacion-esp-300x214.jpg 300w, https:\/\/cifalmalaga.org\/wp-content\/uploads\/2022\/06\/Prevencion-radicalizacion-esp-400x284.jpg 400w, https:\/\/cifalmalaga.org\/wp-content\/uploads\/2022\/06\/Prevencion-radicalizacion-esp-600x425.jpg 600w, https:\/\/cifalmalaga.org\/wp-content\/uploads\/2022\/06\/Prevencion-radicalizacion-esp-768x544.jpg 768w, https:\/\/cifalmalaga.org\/wp-content\/uploads\/2022\/06\/Prevencion-radicalizacion-esp-800x567.jpg 800w, https:\/\/cifalmalaga.org\/wp-content\/uploads\/2022\/06\/Prevencion-radicalizacion-esp.jpg 962w\" sizes=\"(max-width: 392px) 100vw, 392px\" \/><\/h2>\n<p>Esta gu\u00eda para profesionales de primera l\u00ednea que presentamos a continuaci\u00f3n fue impulsada desde la Universidad de C\u00f3rdoba para abordar este complejo problema social con una mirada global e interdisciplinar. Supone una herramienta fundamentada en evidencias cient\u00edficas en la que se implica teor\u00eda y pr\u00e1ctica. Este trabajo aporta diferentes recursos psicosociales y educativos, as\u00ed como propuestas de acciones concretas para prevenir y afrontar la radicalizaci\u00f3n violenta, caracterizando este fen\u00f3meno como un proceso sobre el que se puede y se debe intervenir de una forma integral.<\/p>\n<p>Este recurso forma parte de la colecci\u00f3n Diversidad, coordinada por el Servicio de Atenci\u00f3n a la Diversidad de la Universidad de C\u00f3rdoba. Se trata de una colecci\u00f3n que pretende ayudar a entender la diversidad humana, ofreciendo pautas para desarrollar una educaci\u00f3n inclusiva que respete y valore las diferencias, consider\u00e1ndolas como caracter\u00edsticas genuinas que enriquecen la interacci\u00f3n humana y contribuyen al progreso y el bienestar social.<br \/>\n<a href=\"https:\/\/cifalmalaga.org\/wp-content\/uploads\/2022\/06\/Guia_RAD_espanol.pdf\">Descargar gu\u00eda en PDF<\/a><\/p>\n<h2><a href=\"https:\/\/cifalmalaga.org\/introduccion-rad2citizen\/\">Rad2Citizen <\/a>Resultados y documentos del proyecto<\/h2>\n<h2>Newsletter No.2 Rad2Citizen<\/h2>\n<p><a href=\"https:\/\/cifalmalaga.org\/wp-content\/uploads\/2022\/03\/Rad2Citizen_Newsletter_EN_N2_VF.pdf\"><img decoding=\"async\" class=\"wp-image-2901 alignleft\" src=\"https:\/\/cifalmalaga.org\/wp-content\/uploads\/2022\/03\/nletter2.png\" alt=\"\" width=\"462\" height=\"323\" srcset=\"https:\/\/cifalmalaga.org\/wp-content\/uploads\/2022\/03\/nletter2-18x12.png 18w, https:\/\/cifalmalaga.org\/wp-content\/uploads\/2022\/03\/nletter2-200x140.png 200w, https:\/\/cifalmalaga.org\/wp-content\/uploads\/2022\/03\/nletter2-300x210.png 300w, https:\/\/cifalmalaga.org\/wp-content\/uploads\/2022\/03\/nletter2-400x280.png 400w, https:\/\/cifalmalaga.org\/wp-content\/uploads\/2022\/03\/nletter2-600x420.png 600w, https:\/\/cifalmalaga.org\/wp-content\/uploads\/2022\/03\/nletter2-768x538.png 768w, https:\/\/cifalmalaga.org\/wp-content\/uploads\/2022\/03\/nletter2-800x560.png 800w, https:\/\/cifalmalaga.org\/wp-content\/uploads\/2022\/03\/nletter2.png 827w\" sizes=\"(max-width: 462px) 100vw, 462px\" \/><\/a><\/p>\n<p>&nbsp;<\/p>\n<p>&nbsp;<\/p>\n<p>&nbsp;<\/p>\n<p>&nbsp;<\/p>\n<p>&nbsp;<\/p>\n<p>&nbsp;<\/p>\n<p>Ahora puede consultar todos los avances del proyecto Rad2Citizen a enero de 2022 desde la newsletter No. 2. Descargar <a href=\"https:\/\/cifalmalaga.org\/wp-content\/uploads\/2022\/03\/Rad2Citizen_Newsletter_EN_N2_VF.pdf\">aqu\u00ed.<\/a><\/p>\n<p>&nbsp;<\/p>\n<h2><a href=\"https:\/\/www.google.com\/maps\/d\/u\/1\/edit?mid=14GqrY-TbO4Etvsx623XWIhcxYNNjDMAu&amp;ll=42.8751683009159%2C-6.926807499999995&amp;z=4\">Mapa de Recursos<\/a><\/h2>\n<p><a href=\"https:\/\/www.google.com\/maps\/d\/u\/1\/edit?mid=14GqrY-TbO4Etvsx623XWIhcxYNNjDMAu&amp;ll=42.8751683009159%2C-6.926807499999995&amp;z=4\"><img decoding=\"async\" class=\"alignnone size-full wp-image-2725\" src=\"https:\/\/cifalmalaga.org\/wp-content\/uploads\/2021\/09\/IMG-20210923-WA0019.jpg\" alt=\"\" width=\"657\" height=\"296\" srcset=\"https:\/\/cifalmalaga.org\/wp-content\/uploads\/2021\/09\/IMG-20210923-WA0019-16x7.jpg 16w, https:\/\/cifalmalaga.org\/wp-content\/uploads\/2021\/09\/IMG-20210923-WA0019-18x8.jpg 18w, https:\/\/cifalmalaga.org\/wp-content\/uploads\/2021\/09\/IMG-20210923-WA0019-200x90.jpg 200w, https:\/\/cifalmalaga.org\/wp-content\/uploads\/2021\/09\/IMG-20210923-WA0019-300x135.jpg 300w, https:\/\/cifalmalaga.org\/wp-content\/uploads\/2021\/09\/IMG-20210923-WA0019-400x180.jpg 400w, https:\/\/cifalmalaga.org\/wp-content\/uploads\/2021\/09\/IMG-20210923-WA0019-600x270.jpg 600w, https:\/\/cifalmalaga.org\/wp-content\/uploads\/2021\/09\/IMG-20210923-WA0019.jpg 657w\" sizes=\"(max-width: 657px) 100vw, 657px\" \/><\/a><\/p>\n<p>&nbsp;<\/p>\n<h2>Conferencia Rad2Citizen 5 y 6 de julio de 2021 en Toulouse<\/h2>\n<p><img decoding=\"async\" class=\"wp-image-2703 alignleft\" src=\"https:\/\/cifalmalaga.org\/wp-content\/uploads\/2021\/09\/rad.jpg\" alt=\"\" width=\"276\" height=\"307\" srcset=\"https:\/\/cifalmalaga.org\/wp-content\/uploads\/2021\/09\/rad-11x12.jpg 11w, https:\/\/cifalmalaga.org\/wp-content\/uploads\/2021\/09\/rad-200x223.jpg 200w, https:\/\/cifalmalaga.org\/wp-content\/uploads\/2021\/09\/rad-270x300.jpg 270w, https:\/\/cifalmalaga.org\/wp-content\/uploads\/2021\/09\/rad-400x445.jpg 400w, https:\/\/cifalmalaga.org\/wp-content\/uploads\/2021\/09\/rad.jpg 408w\" sizes=\"(max-width: 276px) 100vw, 276px\" \/>En el marco del proyecto europeo \u00abRad2Citizen: Extremismo, Radicalizaci\u00f3n y Ciudadan\u00eda\u00bb, Toulouse Metropole organiz\u00f3 dos d\u00edas de intercambios y visitas entre el 5 y el 6 de julio de 2021. El objetivo del evento fue el de reunir a los socios europeos del proyecto (la ciudad de M\u00e1laga, el Centro Internacional de Formaci\u00f3n y L\u00edderes de M\u00e1laga (CIFAL), el centro de seguridad KEMEA de Atenas y la Universidad de Ciencias Aplicadas de Salzburgo), la Comisi\u00f3n Europea y, finalmente, los actores institucionales y asociativos (locales, nacionales y europeos) asociados o interesados \u200b\u200ben el proyecto.<\/p>\n<p>Estos d\u00edas nos permitieron presentar el proyecto y sus avances, intercambiar conocimientos y buenas pr\u00e1cticas sobre los temas de radicalizaci\u00f3n, extremismos y ciudadan\u00eda, as\u00ed como organizar visitas <em>in situ<\/em> relacionadas con esta tem\u00e1tica.<\/p>\n<p>El d\u00eda 5 de julio estuvo dedicado al comit\u00e9 de direcci\u00f3n del proyecto, seguido de visitas de campo en el distrito de Arnaud Bernard en Toulouse y el distrito de Vivier Ma\u00e7on, en la ciudad de Cugnaux, donde la delegaci\u00f3n fue recibida por el alcalde de Cugnaux, el Sr. Albert S\u00e1nchez.<\/p>\n<p>El d\u00eda 6 de julio estuvo dedicado a una conferencia con la participaci\u00f3n de nuestros socios europeos y de los actores locales y nacionales. Esta conferencia fue inaugurada por el Sr. Jean-Luc Moudenc, presidente de Toulouse Metropole, y el representante de la Comisi\u00f3n Europea, el Sr. Mathieu Orsi, responsable de pol\u00edticas de la DG HOME.<\/p>\n<p>Por la tarde se organizaron dos mesas redondas: la primera dirigida a compartir diferentes perspectivas sobre las estrategias de prevenci\u00f3n del extremismo violento; y la segunda, enfocada en ofrecer una visi\u00f3n profesional sobre el apoyo a situaciones de radicalismo violento. Ambas mesas contaron con la participaci\u00f3n de una amplia gama de ponentes de Francia y Europa.<\/p>\n<p>El programa detallado de la conferencia est\u00e1 disponible <a href=\"https:\/\/cifalmalaga.org\/wp-content\/uploads\/2021\/09\/Rad2Citizen_Detailed-Programme_Publication_EN_VF.pdf\">AQU\u00cd<\/a><\/p>\n<p>El resumen de la conferencia y las mesas redondas est\u00e1 disponible <a href=\"https:\/\/cifalmalaga.org\/wp-content\/uploads\/2021\/09\/Rad2Citizen_Conference_6-July_Synthesis_VF.pdf\">AQU\u00cd<\/a>.<\/p>\n<h2>Newsletter No.1 Rad2Citizen<\/h2>\n<p><a href=\"https:\/\/cifalmalaga.org\/wp-content\/uploads\/2021\/09\/Rad2Citizen_Newsletter_N1_-EN_vf.pdf\"><img decoding=\"async\" class=\"wp-image-2719 alignleft\" src=\"https:\/\/cifalmalaga.org\/wp-content\/uploads\/2021\/09\/radnl.png\" alt=\"\" width=\"402\" height=\"290\" srcset=\"https:\/\/cifalmalaga.org\/wp-content\/uploads\/2021\/09\/radnl-18x12.png 18w, https:\/\/cifalmalaga.org\/wp-content\/uploads\/2021\/09\/radnl-200x144.png 200w, https:\/\/cifalmalaga.org\/wp-content\/uploads\/2021\/09\/radnl-300x216.png 300w, https:\/\/cifalmalaga.org\/wp-content\/uploads\/2021\/09\/radnl-400x289.png 400w, https:\/\/cifalmalaga.org\/wp-content\/uploads\/2021\/09\/radnl-600x433.png 600w, https:\/\/cifalmalaga.org\/wp-content\/uploads\/2021\/09\/radnl-768x554.png 768w, https:\/\/cifalmalaga.org\/wp-content\/uploads\/2021\/09\/radnl-800x577.png 800w, https:\/\/cifalmalaga.org\/wp-content\/uploads\/2021\/09\/radnl.png 811w\" sizes=\"(max-width: 402px) 100vw, 402px\" \/><\/a><\/p>\n<p>Ahora puede consultar todos los avances del proyecto Rad2Citizen, el cual pretende prevenir diversos tipos de extremismos mediante el establecimiento de una asociaci\u00f3n, dirigida por Toulouse M\u00e9tropole, con la ciudad de M\u00e1laga (Espa\u00f1a), la Universidad de Ciencias Sociales Aplicadas de Salzburgo (Austria) y el Instituto KEMEA (Grecia).<\/p>\n<p>&nbsp;<\/p>\n<p>Septiembre 2021<\/p>\n<p><a href=\"https:\/\/cifalmalaga.org\/wp-content\/uploads\/2021\/09\/Rad2Citizen_Newsletter_N1_-EN_vf.pdf\">Descargar<\/a><\/p>","protected":false},"excerpt":{"rendered":"<p>Identification Radicalisation for Manual Indicators In this manual, frontline practitioners  [&#8230;]<\/p>","protected":false},"author":2,"featured_media":0,"parent":0,"menu_order":0,"comment_status":"closed","ping_status":"closed","template":"","meta":{"footnotes":""},"class_list":["post-2686","page","type-page","status-publish","hentry"],"_links":{"self":[{"href":"https:\/\/cifalmalaga.org\/en\/wp-json\/wp\/v2\/pages\/2686","targetHints":{"allow":["GET"]}}],"collection":[{"href":"https:\/\/cifalmalaga.org\/en\/wp-json\/wp\/v2\/pages"}],"about":[{"href":"https:\/\/cifalmalaga.org\/en\/wp-json\/wp\/v2\/types\/page"}],"author":[{"embeddable":true,"href":"https:\/\/cifalmalaga.org\/en\/wp-json\/wp\/v2\/users\/2"}],"replies":[{"embeddable":true,"href":"https:\/\/cifalmalaga.org\/en\/wp-json\/wp\/v2\/comments?post=2686"}],"version-history":[{"count":32,"href":"https:\/\/cifalmalaga.org\/en\/wp-json\/wp\/v2\/pages\/2686\/revisions"}],"predecessor-version":[{"id":3252,"href":"https:\/\/cifalmalaga.org\/en\/wp-json\/wp\/v2\/pages\/2686\/revisions\/3252"}],"wp:attachment":[{"href":"https:\/\/cifalmalaga.org\/en\/wp-json\/wp\/v2\/media?parent=2686"}],"curies":[{"name":"wp","href":"https:\/\/api.w.org\/{rel}","templated":true}]}}